{"id":2925,"date":"2023-12-27T12:14:29","date_gmt":"2023-12-27T11:14:29","guid":{"rendered":"https:\/\/www2.fasep.it\/chi-siamo\/"},"modified":"2025-08-04T16:37:03","modified_gmt":"2025-08-04T14:37:03","slug":"%c2%bfquienes-somos","status":"publish","type":"page","link":"https:\/\/www.fasep.it\/es\/%c2%bfquienes-somos\/","title":{"rendered":"\u00bfQui\u00e9nes somos?"},"content":{"rendered":"<div id='full_slider_1'  class='avia-fullwidth-slider main_color avia-shadow   avia-builder-el-0  el_before_av_section  avia-builder-el-first   container_wrap sidebar_right'  >\n<style type=\"text\/css\" data-created_by=\"avia_inline_auto\" id=\"style-css-av-m5i15slx-f826c3d5ce4ca2879cc1b19be5753fbd\">\n#top #wrap_all .avia-slideshow .av-slideshow-caption.av-m5i15slx-f826c3d5ce4ca2879cc1b19be5753fbd__0 .avia-caption-title{\nfont-size:40px;\ncolor:#ffffff;\n}\n#top .avia-slideshow .av-slideshow-caption.av-m5i15slx-f826c3d5ce4ca2879cc1b19be5753fbd__0 .avia-caption-content{\nfont-size:22px;\ncolor:#ffffff;\n}\n#top .avia-slideshow .av-slideshow-caption.av-m5i15slx-f826c3d5ce4ca2879cc1b19be5753fbd__0 .avia-caption-content p{\nfont-size:22px;\n}\n<\/style>\n<div  class='avia-slideshow av-m5i15slx-f826c3d5ce4ca2879cc1b19be5753fbd avia-slideshow-featured av_slideshow_full avia-slide-slider av-slideshow-ui av-control-default av-slideshow-manual av-loop-once av-loop-manual-endless av-default-height-applied   avia-slideshow-1' data-slideshow-options=\"{&quot;animation&quot;:&quot;slide&quot;,&quot;autoplay&quot;:false,&quot;loop_autoplay&quot;:&quot;once&quot;,&quot;interval&quot;:5,&quot;loop_manual&quot;:&quot;manual-endless&quot;,&quot;autoplay_stopper&quot;:false,&quot;noNavigation&quot;:false,&quot;bg_slider&quot;:false,&quot;keep_padding&quot;:false,&quot;hoverpause&quot;:false,&quot;show_slide_delay&quot;:0}\"  itemprop=\"image\" itemscope=\"itemscope\" itemtype=\"https:\/\/schema.org\/ImageObject\" ><ul class='avia-slideshow-inner ' style='padding-bottom: 28.666666666667%;'><li  class='avia-slideshow-slide av-m5i15slx-f826c3d5ce4ca2879cc1b19be5753fbd__0  av-single-slide slide-1 slide-odd'><div data-rel='slideshow-1' class='avia-slide-wrap '   ><div class='av-slideshow-caption av-m5i15slx-f826c3d5ce4ca2879cc1b19be5753fbd__0 caption_fullwidth caption_left'><div class=\"container caption_container\"><div class=\"slideshow_caption\"><div class=\"slideshow_inner_caption\"><div class=\"slideshow_align_caption\"><h2 class='avia-caption-title '  itemprop=\"name\" >\u00bfQui\u00e9nes somos?<\/h2><div class='avia-caption-content av_inherit_color'  itemprop=\"description\" ><p>Nuestro esp\u00edritu, nuestra misi\u00f3n&#8230;<\/p>\n<\/div><\/div><\/div><\/div><\/div><\/div><img decoding=\"async\" fetchpriority=\"high\" class=\"wp-image-3995 avia-img-lazy-loading-not-3995\"  src=\"https:\/\/www.fasep.it\/wp-content\/uploads\/2025\/01\/chi-siamo-1500x430.jpg\" width=\"1500\" height=\"430\" title='chi-siamo' alt=''  itemprop=\"thumbnailUrl\"   \/><\/div><\/li><\/ul><\/div><\/div>\n\n<div id='av_section_1'  class='avia-section av-13xld-6d595901470ae0fde955ee446591686a main_color avia-section-default avia-no-border-styling  avia-builder-el-1  el_after_av_slideshow_full  el_before_av_section  chi-siamo avia-bg-style-scroll container_wrap sidebar_right'  ><div class='container av-section-cont-open' ><div class='template-page content  av-content-small alpha units'><div class='post-entry post-entry-type-page post-entry-2925'><div class='entry-content-wrapper clearfix'>\n\n\n<style type=\"text\/css\" data-created_by=\"avia_inline_auto\" id=\"style-css-av-lx4clwul-ea5ae843a0bfe46883dba14dd73c16c3\">\n#top .hr.hr-invisible.av-lx4clwul-ea5ae843a0bfe46883dba14dd73c16c3{\nheight:50px;\n}\n<\/style>\n<div  class='hr av-lx4clwul-ea5ae843a0bfe46883dba14dd73c16c3 hr-invisible  avia-builder-el-2  el_before_av_textblock  avia-builder-el-first '><span class='hr-inner '><span class=\"hr-inner-style\"><\/span><\/span><\/div>\n\n<section  class='av_textblock_section av-lx4ci6g0-943587a6af9fecf15dc01885ba3fefe6 '   itemscope=\"itemscope\" itemtype=\"https:\/\/schema.org\/CreativeWork\" ><div class='avia_textblock chi-siamo_title'  itemprop=\"text\" ><h2 style=\"text-align: center;\"><strong>Desde 1969, FASEP es<\/strong><br \/>\n<strong>PASI\u00d3N<\/strong><br \/>\n<strong>COMPETENCIA<\/strong><br \/>\n<strong>COMPROMISO<\/strong><\/h2>\n<\/div><\/section>\n\n\n<style type=\"text\/css\" data-created_by=\"avia_inline_auto\" id=\"style-css-av-m5i128ga-e951f1248281e398208b302fe54623ab\">\n#top .av-special-heading.av-m5i128ga-e951f1248281e398208b302fe54623ab{\npadding-bottom:10px;\n}\nbody .av-special-heading.av-m5i128ga-e951f1248281e398208b302fe54623ab .av-special-heading-tag .heading-char{\nfont-size:25px;\n}\n.av-special-heading.av-m5i128ga-e951f1248281e398208b302fe54623ab .av-subheading{\nfont-size:15px;\n}\n<\/style>\n<div  class='av-special-heading av-m5i128ga-e951f1248281e398208b302fe54623ab av-special-heading-h3 blockquote modern-quote modern-centered  avia-builder-el-4  el_after_av_textblock  el_before_av_heading  chi-siamo_subtitle'><h3 class='av-special-heading-tag '  itemprop=\"headline\"  >DISE\u00d1AMOS y PRODUCIMOS Alineadoras, Equilibradoras y Desmontadoras en ITALIA, exportadas a m\u00e1s de 50 pa\u00edses en todo el mundo.<\/h3><div class=\"special-heading-border\"><div class=\"special-heading-inner-border\"><\/div><\/div><\/div>\n\n\n<style type=\"text\/css\" data-created_by=\"avia_inline_auto\" id=\"style-css-av-m5i12gnq-7a16b23aeb146dd3bbbd7238c8e2d6d2\">\n#top .av-special-heading.av-m5i12gnq-7a16b23aeb146dd3bbbd7238c8e2d6d2{\npadding-bottom:10px;\n}\nbody .av-special-heading.av-m5i12gnq-7a16b23aeb146dd3bbbd7238c8e2d6d2 .av-special-heading-tag .heading-char{\nfont-size:25px;\n}\n.av-special-heading.av-m5i12gnq-7a16b23aeb146dd3bbbd7238c8e2d6d2 .av-subheading{\nfont-size:15px;\n}\n<\/style>\n<div  class='av-special-heading av-m5i12gnq-7a16b23aeb146dd3bbbd7238c8e2d6d2 av-special-heading-h4 blockquote modern-quote modern-centered  avia-builder-el-5  el_after_av_heading  el_before_av_hr  chi-siamo_subtitle'><h4 class='av-special-heading-tag '  itemprop=\"headline\"  >Creemos en las ideas, en la innovaci\u00f3n pero, sobre todo, en las personas.<\/h4><div class=\"special-heading-border\"><div class=\"special-heading-inner-border\"><\/div><\/div><\/div>\n\n\n<style type=\"text\/css\" data-created_by=\"avia_inline_auto\" id=\"style-css-av-m5i1u6zz-75ce7ce2eac536d245845beb5f47fb52\">\n#top .hr.hr-invisible.av-m5i1u6zz-75ce7ce2eac536d245845beb5f47fb52{\nheight:50px;\n}\n<\/style>\n<div  class='hr av-m5i1u6zz-75ce7ce2eac536d245845beb5f47fb52 hr-invisible  avia-builder-el-6  el_after_av_heading  el_before_av_one_third '><span class='hr-inner '><span class=\"hr-inner-style\"><\/span><\/span><\/div>\n\n<div  class='flex_column av-8syfl-fadb98b5fc12a0e6147d29b3d1e0388a av_one_third  avia-builder-el-7  el_after_av_hr  el_before_av_one_third  chi-siamo_column first flex_column_div  '     ><style type=\"text\/css\" data-created_by=\"avia_inline_auto\" id=\"style-css-av-m5i1310q-4eb68124acc36d3c95b90eea0a799d27\">\n#top .av-special-heading.av-m5i1310q-4eb68124acc36d3c95b90eea0a799d27{\npadding-bottom:10px;\n}\nbody .av-special-heading.av-m5i1310q-4eb68124acc36d3c95b90eea0a799d27 .av-special-heading-tag .heading-char{\nfont-size:25px;\n}\n.av-special-heading.av-m5i1310q-4eb68124acc36d3c95b90eea0a799d27 .av-subheading{\nfont-size:15px;\n}\n<\/style>\n<div  class='av-special-heading av-m5i1310q-4eb68124acc36d3c95b90eea0a799d27 av-special-heading-h3 blockquote modern-quote  avia-builder-el-8  el_before_av_textblock  avia-builder-el-first '><h3 class='av-special-heading-tag '  itemprop=\"headline\"  >INNOVACI\u00d3N<\/h3><div class=\"special-heading-border\"><div class=\"special-heading-inner-border\"><\/div><\/div><\/div>\n<section  class='av_textblock_section av-m5i13c3h-321e7161a7e61a5585c8f13f41b447a3 '   itemscope=\"itemscope\" itemtype=\"https:\/\/schema.org\/CreativeWork\" ><div class='avia_textblock'  itemprop=\"text\" ><h4>CAMBIAR PARA CRECER<\/h4>\n<p>Desde que creamos la primera alineadora electr\u00f3nica en Italia en 1974, pasando por las innovaciones en electr\u00f3nica digital de los a\u00f1os 90, nunca hemos dejado de innovar.<\/p>\n<\/div><\/section><\/div><div  class='flex_column av-3s4mt-37cc25e3243c37401b5efb859f02c7e4 av_one_third  avia-builder-el-10  el_after_av_one_third  el_before_av_one_third  chi-siamo_column flex_column_div  '     ><style type=\"text\/css\" data-created_by=\"avia_inline_auto\" id=\"style-css-av-3f319-65b6183eb8d1f2cdca89bd23d82d69ca\">\n#top .av-special-heading.av-3f319-65b6183eb8d1f2cdca89bd23d82d69ca{\npadding-bottom:10px;\n}\nbody .av-special-heading.av-3f319-65b6183eb8d1f2cdca89bd23d82d69ca .av-special-heading-tag .heading-char{\nfont-size:25px;\n}\n.av-special-heading.av-3f319-65b6183eb8d1f2cdca89bd23d82d69ca .av-subheading{\nfont-size:15px;\n}\n<\/style>\n<div  class='av-special-heading av-3f319-65b6183eb8d1f2cdca89bd23d82d69ca av-special-heading-h3 blockquote modern-quote  avia-builder-el-11  el_before_av_textblock  avia-builder-el-first '><h3 class='av-special-heading-tag '  itemprop=\"headline\"  >PASI\u00d3N<\/h3><div class=\"special-heading-border\"><div class=\"special-heading-inner-border\"><\/div><\/div><\/div>\n<section  class='av_textblock_section av-2w309-0623a2feb98a6c8d98046401b8798943 '   itemscope=\"itemscope\" itemtype=\"https:\/\/schema.org\/CreativeWork\" ><div class='avia_textblock'  itemprop=\"text\" ><h4>SOCIO, NO S\u00d3LO PROVEEDORES<\/h4>\n<p>En un mundo de voces grabadas y call center, nuestros clientes saben que pueden contar con un personal que dedica su tiempo, atenci\u00f3n y profesionalismo. La confianza de quienes nos eligen es nuestro \u00e9xito.<\/p>\n<\/div><\/section><\/div><div  class='flex_column av-1zrqh-7715b082eb89fd9e37496d17e937cbfd av_one_third  avia-builder-el-13  el_after_av_one_third  avia-builder-el-last  chi-siamo_column flex_column_div  '     ><style type=\"text\/css\" data-created_by=\"avia_inline_auto\" id=\"style-css-av-1bv35-5a0f34d08f424ee9b28ff051cd0d125a\">\n#top .av-special-heading.av-1bv35-5a0f34d08f424ee9b28ff051cd0d125a{\npadding-bottom:10px;\n}\nbody .av-special-heading.av-1bv35-5a0f34d08f424ee9b28ff051cd0d125a .av-special-heading-tag .heading-char{\nfont-size:25px;\n}\n.av-special-heading.av-1bv35-5a0f34d08f424ee9b28ff051cd0d125a .av-subheading{\nfont-size:15px;\n}\n<\/style>\n<div  class='av-special-heading av-1bv35-5a0f34d08f424ee9b28ff051cd0d125a av-special-heading-h3 blockquote modern-quote  avia-builder-el-14  el_before_av_textblock  avia-builder-el-first '><h3 class='av-special-heading-tag '  itemprop=\"headline\"  >CALIDAD\u2019<\/h3><div class=\"special-heading-border\"><div class=\"special-heading-inner-border\"><\/div><\/div><\/div>\n<section  class='av_textblock_section av-oqzl-22511af9404e20eed3bf508f441038eb '   itemscope=\"itemscope\" itemtype=\"https:\/\/schema.org\/CreativeWork\" ><div class='avia_textblock'  itemprop=\"text\" ><h4>SERVICIOS Y PRODUCTOS PERSONALIZADOS<\/h4>\n<p>Vendemos equipos en todo el mundo que garantizan coches seguros y de alto rendimiento al cliente final: lo hacemos gracias a un cuidadoso control de calidad y un servicio personalizado de atenci\u00f3n al cliente.<\/p>\n<\/div><\/section><\/div><\/div><\/div><\/div><!-- close content main div --><\/div><\/div>\n<style type=\"text\/css\" data-created_by=\"avia_inline_auto\" id=\"style-css-av-4qbq9-7b4aeb0d5b51c3d1601aa479455e3dc8\">\n.avia-section.av-4qbq9-7b4aeb0d5b51c3d1601aa479455e3dc8{\nbackground-color:#f9f9f9;\nbackground-image:unset;\n}\n<\/style>\n<div id='av_section_2'  class='avia-section av-4qbq9-7b4aeb0d5b51c3d1601aa479455e3dc8 main_color avia-section-default avia-no-border-styling  avia-builder-el-16  el_after_av_section  el_before_av_section  chi-siamo avia-bg-style-scroll container_wrap sidebar_right'  ><div class='container av-section-cont-open' ><div class='template-page content  av-content-small alpha units'><div class='post-entry post-entry-type-page post-entry-2925'><div class='entry-content-wrapper clearfix'>\n<section  class='av_textblock_section av-m5i1485o-1c4c192d80906352e1dc8e9f281d63fd '   itemscope=\"itemscope\" itemtype=\"https:\/\/schema.org\/CreativeWork\" ><div class='avia_textblock chi-siamo_title'  itemprop=\"text\" ><h2 style=\"text-align: center;\">PASI\u00d3N<\/h2>\n<\/div><\/section>\n\n<section  class='av_textblock_section av-m5i14kzk-0571f983a33973457c3d1dc3bf32dc4e '   itemscope=\"itemscope\" itemtype=\"https:\/\/schema.org\/CreativeWork\" ><div class='avia_textblock chi-siamo_content'  itemprop=\"text\" ><p style=\"text-align: center;\">Mario Boni, el padre de Fulvio, abri\u00f3 un peque\u00f1o taller mec\u00e1nico para reparaci\u00f3n de motocicletas y mecanizaci\u00f3n de telares textiles despu\u00e9s de la guerra.<br \/>\nEn este taller naci\u00f3 la <strong>FASEP<\/strong>.<br \/>\n<strong>FASEP<\/strong> fue fundada por Fulvio Boni en 1969, con un capital formado \u00fanicamente por ideas fuera de lo com\u00fan y una voluntad obstinada de verlas realizadas, aunque a veces contrariamente a las creencias t\u00e9cnicas de aquellos a\u00f1os.<br \/>\nGracias a esto, desde el principio, los productos <strong>FASEP<\/strong> se caracterizan por contenidos, tecnolog\u00eda y dise\u00f1o fuertemente innovadores.<\/p>\n<\/div><\/section>\n\n\n<\/div><\/div><\/div><!-- close content main div --><\/div><\/div><div id='av_section_3'  class='avia-section av-noep-bd9532e0737c40edf9d5bc8f3ec519bf main_color avia-section-default avia-no-border-styling  avia-builder-el-19  el_after_av_section  el_before_av_section  chi-siamo avia-bg-style-scroll container_wrap sidebar_right'  ><div class='container av-section-cont-open' ><div class='template-page content  av-content-small alpha units'><div class='post-entry post-entry-type-page post-entry-2925'><div class='entry-content-wrapper clearfix'>\n\n<section  class='av_textblock_section av-m5i265hb-4d27c12de1c80df681b99ab1fbb9cb39 '   itemscope=\"itemscope\" itemtype=\"https:\/\/schema.org\/CreativeWork\" ><div class='avia_textblock chi-siamo_title'  itemprop=\"text\" ><h2 style=\"text-align: center;\"> COMPETENCIA<\/h2>\n<\/div><\/section>\n\n<section  class='av_textblock_section av-m5i26eo8-23244976f8da91a6f57c3b55e79db597 '   itemscope=\"itemscope\" itemtype=\"https:\/\/schema.org\/CreativeWork\" ><div class='avia_textblock chi-siamo_content'  itemprop=\"text\" ><p style=\"text-align: center;\">Desde hace m\u00e1s de 50 a\u00f1os, la fuerza de nuestra empresa se basa en la <strong>concepci\u00f3n, dise\u00f1o y producci\u00f3n de mec\u00e1nica y electr\u00f3nica<\/strong> aplicadas a las equilibradoras y alineadoras, \u00edntegramente realizadas en nuestra f\u00e1brica de Ronta (Florencia).<br \/>\nEsta fuerte especializaci\u00f3n nos ha permitido acumular a lo largo de los a\u00f1os un know-how, un conocimiento espec\u00edfico que nos permite ofrecer productos, novedades y soluciones <strong>\u00fanicas e innovadoras<\/strong>, hasta el punto de que tambi\u00e9n somos capaces de fabricar nuestras m\u00e1quinas para otras marcas conocidas del sector.<\/p>\n<\/div><\/section>\n\n<\/div><\/div><\/div><!-- close content main div --><\/div><\/div>\n<style type=\"text\/css\" data-created_by=\"avia_inline_auto\" id=\"style-css-av-m5i27qvz-810c796d9eca3942c2f8801514e57b10\">\n.avia-section.av-m5i27qvz-810c796d9eca3942c2f8801514e57b10{\nbackground-color:#f9f9f9;\nbackground-image:unset;\n}\n<\/style>\n<div id='av_section_4'  class='avia-section av-m5i27qvz-810c796d9eca3942c2f8801514e57b10 main_color avia-section-default avia-no-border-styling  avia-builder-el-22  el_after_av_section  avia-builder-el-last  chi-siamo avia-bg-style-scroll container_wrap sidebar_right'  ><div class='container av-section-cont-open' ><div class='template-page content  av-content-small alpha units'><div class='post-entry post-entry-type-page post-entry-2925'><div class='entry-content-wrapper clearfix'>\n\n<section  class='av_textblock_section av-m5i26qa3-48b2d753ceb2ca4a22be894c2dd99405 '   itemscope=\"itemscope\" itemtype=\"https:\/\/schema.org\/CreativeWork\" ><div class='avia_textblock chi-siamo_title'  itemprop=\"text\" ><h2 style=\"text-align: center;\">COMPROMISO<\/h2>\n<\/div><\/section>\n\n<section  class='av_textblock_section av-m5i26vjb-382497b35cd901b193efc066821b5dbd '   itemscope=\"itemscope\" itemtype=\"https:\/\/schema.org\/CreativeWork\" ><div class='avia_textblock chi-siamo_content'  itemprop=\"text\" ><p style=\"text-align: center;\">Nuestro dise\u00f1o, partiendo del <strong>dise\u00f1o mec\u00e1nico<\/strong>, se realiza \u00edntegramente dentro de nuestra empresa con los instrumentos y software m\u00e1s modernos.<br \/>\nIncluso el <strong>dise\u00f1o electr\u00f3nico<\/strong> siempre ha sido un activo interno de la <strong>FASEP<\/strong>, confiado a profesionales de probada experiencia y capacidad.<br \/>\n<strong>El software de nuestros equipos<\/strong> es \u00edntegramente desarrollado internamente y constituye el coraz\u00f3n de los productos <strong>FASEP<\/strong> y distingue su calidad y contenidos innovadores.<\/p>\n<\/div><\/section>\n\n<\/div><\/div><\/div><!-- close content main div --><\/div><\/div><div id='after_section_4'  class='main_color av_default_container_wrap container_wrap sidebar_right'  ><div class='container av-section-cont-open' ><div class='template-page content  av-content-small alpha units'><div class='post-entry post-entry-type-page post-entry-2925'><div class='entry-content-wrapper clearfix'>","protected":false},"excerpt":{"rendered":"","protected":false},"author":1,"featured_media":0,"parent":0,"menu_order":2,"comment_status":"closed","ping_status":"closed","template":"","meta":{"_acf_changed":false,"footnotes":""},"class_list":["post-2925","page","type-page","status-publish","hentry"],"acf":[],"yoast_head":"<!-- This site is optimized with the Yoast SEO plugin v25.7 - https:\/\/yoast.com\/wordpress\/plugins\/seo\/ -->\n<title>Acerca de FASEP \u2013 Fabricante italiano de alineadoras y equilibradoras<\/title>\n<meta name=\"description\" content=\"Descubre c\u00f3mo FASEP pas\u00f3 de un peque\u00f1o taller en 1969 a un proveedor global de alineadoras, equilibradoras y desmontadoras de neum\u00e1ticos. Conoce nuestra pasi\u00f3n, innovaci\u00f3n y artesan\u00eda italiana.\" \/>\n<meta name=\"robots\" content=\"index, follow, max-snippet:-1, max-image-preview:large, max-video-preview:-1\" \/>\n<meta property=\"og:locale\" content=\"es_ES\" \/>\n<meta property=\"og:type\" content=\"article\" \/>\n<meta property=\"og:title\" content=\"Acerca de FASEP \u2013 Fabricante italiano de alineadoras y equilibradoras\" \/>\n<meta property=\"og:description\" content=\"Descubre c\u00f3mo FASEP pas\u00f3 de un peque\u00f1o taller en 1969 a un proveedor global de alineadoras, equilibradoras y desmontadoras de neum\u00e1ticos. Conoce nuestra pasi\u00f3n, innovaci\u00f3n y artesan\u00eda italiana.\" \/>\n<meta property=\"og:url\" content=\"https:\/\/www.fasep.it\/es\/%c2%bfquienes-somos\/\" \/>\n<meta property=\"og:site_name\" content=\"Fasep 2000 srl\" \/>\n<meta property=\"article:modified_time\" content=\"2025-08-04T14:37:03+00:00\" \/>\n<meta name=\"twitter:card\" content=\"summary_large_image\" \/>\n<meta name=\"twitter:label1\" content=\"Tiempo de lectura\" \/>\n\t<meta name=\"twitter:data1\" content=\"28 minutos\" \/>\n<script type=\"application\/ld+json\" class=\"yoast-schema-graph\">{\"@context\":\"https:\/\/schema.org\",\"@graph\":[{\"@type\":\"WebPage\",\"@id\":\"https:\/\/www.fasep.it\/es\/%c2%bfquienes-somos\/\",\"url\":\"https:\/\/www.fasep.it\/es\/%c2%bfquienes-somos\/\",\"name\":\"Acerca de FASEP \u2013 Fabricante italiano de alineadoras y equilibradoras\",\"isPartOf\":{\"@id\":\"https:\/\/www.fasep.it\/es\/#website\"},\"datePublished\":\"2023-12-27T11:14:29+00:00\",\"dateModified\":\"2025-08-04T14:37:03+00:00\",\"description\":\"Descubre c\u00f3mo FASEP pas\u00f3 de un peque\u00f1o taller en 1969 a un proveedor global de alineadoras, equilibradoras y desmontadoras de neum\u00e1ticos. Conoce nuestra pasi\u00f3n, innovaci\u00f3n y artesan\u00eda italiana.\",\"breadcrumb\":{\"@id\":\"https:\/\/www.fasep.it\/es\/%c2%bfquienes-somos\/#breadcrumb\"},\"inLanguage\":\"es\",\"potentialAction\":[{\"@type\":\"ReadAction\",\"target\":[\"https:\/\/www.fasep.it\/es\/%c2%bfquienes-somos\/\"]}]},{\"@type\":\"BreadcrumbList\",\"@id\":\"https:\/\/www.fasep.it\/es\/%c2%bfquienes-somos\/#breadcrumb\",\"itemListElement\":[{\"@type\":\"ListItem\",\"position\":1,\"name\":\"Home\",\"item\":\"https:\/\/www.fasep.it\/es\/\"},{\"@type\":\"ListItem\",\"position\":2,\"name\":\"\u00bfQui\u00e9nes somos?\"}]},{\"@type\":\"WebSite\",\"@id\":\"https:\/\/www.fasep.it\/es\/#website\",\"url\":\"https:\/\/www.fasep.it\/es\/\",\"name\":\"Fasep 2000 srl\",\"description\":\"\",\"potentialAction\":[{\"@type\":\"SearchAction\",\"target\":{\"@type\":\"EntryPoint\",\"urlTemplate\":\"https:\/\/www.fasep.it\/es\/?s={search_term_string}\"},\"query-input\":{\"@type\":\"PropertyValueSpecification\",\"valueRequired\":true,\"valueName\":\"search_term_string\"}}],\"inLanguage\":\"es\"}]}<\/script>\n<!-- \/ Yoast SEO plugin. -->","yoast_head_json":{"title":"Acerca de FASEP \u2013 Fabricante italiano de alineadoras y equilibradoras","description":"Descubre c\u00f3mo FASEP pas\u00f3 de un peque\u00f1o taller en 1969 a un proveedor global de alineadoras, equilibradoras y desmontadoras de neum\u00e1ticos. Conoce nuestra pasi\u00f3n, innovaci\u00f3n y artesan\u00eda italiana.","robots":{"index":"index","follow":"follow","max-snippet":"max-snippet:-1","max-image-preview":"max-image-preview:large","max-video-preview":"max-video-preview:-1"},"og_locale":"es_ES","og_type":"article","og_title":"Acerca de FASEP \u2013 Fabricante italiano de alineadoras y equilibradoras","og_description":"Descubre c\u00f3mo FASEP pas\u00f3 de un peque\u00f1o taller en 1969 a un proveedor global de alineadoras, equilibradoras y desmontadoras de neum\u00e1ticos. Conoce nuestra pasi\u00f3n, innovaci\u00f3n y artesan\u00eda italiana.","og_url":"https:\/\/www.fasep.it\/es\/%c2%bfquienes-somos\/","og_site_name":"Fasep 2000 srl","article_modified_time":"2025-08-04T14:37:03+00:00","twitter_card":"summary_large_image","twitter_misc":{"Tiempo de lectura":"28 minutos"},"schema":{"@context":"https:\/\/schema.org","@graph":[{"@type":"WebPage","@id":"https:\/\/www.fasep.it\/es\/%c2%bfquienes-somos\/","url":"https:\/\/www.fasep.it\/es\/%c2%bfquienes-somos\/","name":"Acerca de FASEP \u2013 Fabricante italiano de alineadoras y equilibradoras","isPartOf":{"@id":"https:\/\/www.fasep.it\/es\/#website"},"datePublished":"2023-12-27T11:14:29+00:00","dateModified":"2025-08-04T14:37:03+00:00","description":"Descubre c\u00f3mo FASEP pas\u00f3 de un peque\u00f1o taller en 1969 a un proveedor global de alineadoras, equilibradoras y desmontadoras de neum\u00e1ticos. Conoce nuestra pasi\u00f3n, innovaci\u00f3n y artesan\u00eda italiana.","breadcrumb":{"@id":"https:\/\/www.fasep.it\/es\/%c2%bfquienes-somos\/#breadcrumb"},"inLanguage":"es","potentialAction":[{"@type":"ReadAction","target":["https:\/\/www.fasep.it\/es\/%c2%bfquienes-somos\/"]}]},{"@type":"BreadcrumbList","@id":"https:\/\/www.fasep.it\/es\/%c2%bfquienes-somos\/#breadcrumb","itemListElement":[{"@type":"ListItem","position":1,"name":"Home","item":"https:\/\/www.fasep.it\/es\/"},{"@type":"ListItem","position":2,"name":"\u00bfQui\u00e9nes somos?"}]},{"@type":"WebSite","@id":"https:\/\/www.fasep.it\/es\/#website","url":"https:\/\/www.fasep.it\/es\/","name":"Fasep 2000 srl","description":"","potentialAction":[{"@type":"SearchAction","target":{"@type":"EntryPoint","urlTemplate":"https:\/\/www.fasep.it\/es\/?s={search_term_string}"},"query-input":{"@type":"PropertyValueSpecification","valueRequired":true,"valueName":"search_term_string"}}],"inLanguage":"es"}]}},"_links":{"self":[{"href":"https:\/\/www.fasep.it\/es\/wp-json\/wp\/v2\/pages\/2925","targetHints":{"allow":["GET"]}}],"collection":[{"href":"https:\/\/www.fasep.it\/es\/wp-json\/wp\/v2\/pages"}],"about":[{"href":"https:\/\/www.fasep.it\/es\/wp-json\/wp\/v2\/types\/page"}],"author":[{"embeddable":true,"href":"https:\/\/www.fasep.it\/es\/wp-json\/wp\/v2\/users\/1"}],"replies":[{"embeddable":true,"href":"https:\/\/www.fasep.it\/es\/wp-json\/wp\/v2\/comments?post=2925"}],"version-history":[{"count":20,"href":"https:\/\/www.fasep.it\/es\/wp-json\/wp\/v2\/pages\/2925\/revisions"}],"predecessor-version":[{"id":10530,"href":"https:\/\/www.fasep.it\/es\/wp-json\/wp\/v2\/pages\/2925\/revisions\/10530"}],"wp:attachment":[{"href":"https:\/\/www.fasep.it\/es\/wp-json\/wp\/v2\/media?parent=2925"}],"curies":[{"name":"wp","href":"https:\/\/api.w.org\/{rel}","templated":true}]}}